{"id":294,"date":"2020-10-12T12:34:29","date_gmt":"2020-10-12T12:34:29","guid":{"rendered":"https:\/\/dein-freispruch.de\/?page_id=294"},"modified":"2025-04-01T16:00:53","modified_gmt":"2025-04-01T16:00:53","slug":"datenschutz","status":"publish","type":"page","link":"https:\/\/dein-freispruch.de\/?page_id=294","title":{"rendered":"Datenschutz"},"content":{"rendered":"\t\t<div data-elementor-type=\"wp-page\" data-elementor-id=\"294\" class=\"elementor elementor-294\" data-elementor-post-type=\"page\">\n\t\t\t\t\t\t<section class=\"elementor-section elementor-top-section elementor-element elementor-element-3b5723a elementor-section-boxed elementor-section-height-default elementor-section-height-default\" data-id=\"3b5723a\" data-element_type=\"section\" data-e-type=\"section\">\n\t\t\t\t\t\t<div class=\"elementor-container elementor-column-gap-default\">\n\t\t\t\t\t<div class=\"elementor-column elementor-col-100 elementor-top-column elementor-element elementor-element-34c1f19\" data-id=\"34c1f19\" data-element_type=\"column\" data-e-type=\"column\">\n\t\t\t<div class=\"elementor-widget-wrap elementor-element-populated\">\n\t\t\t\t\t\t<div class=\"elementor-element elementor-element-d0febfb elementor-widget elementor-widget-text-editor\" data-id=\"d0febfb\" data-element_type=\"widget\" data-e-type=\"widget\" data-widget_type=\"text-editor.default\">\n\t\t\t\t<div class=\"elementor-widget-container\">\n\t\t\t\t\t\t\t\t\t<p><strong>Datenschutzinformationen<\/strong><\/p>\n<ol>\n<li><strong> Name und Anschrift des Verantwortlichen<\/strong><\/li>\n<\/ol>\n<p>Der Verantwortliche im Sinne der Datenschutz-Grundverordnung und anderer nationaler Datenschutzgesetze der Mitgliedsstaaten sowie sonstiger datenschutzrechtlicher Bestimmungen ist:<\/p>\n<p><strong>Schumacher &amp; Partner D\u00fcsseldorf PartG mbB<br><\/strong>Speditionstra\u00dfe 15<br>40221 D\u00fcsseldorf<\/p>\n<p>Telefon: +49 (0)211 869 454-0<br>Telefax: +49 (0)211 869 450 89<\/p>\n<p>E-Mail:&nbsp; <a href=\"mailto:info@schumacherundpartner.de\">info@schumacherundpartner.de<\/a> <br>Web:&nbsp;&nbsp;&nbsp; <a href=\"https:\/\/dein-freispruch.de\">https:\/\/dein-freispruch.de<\/a><\/p>\n<ol>\n<li><strong> Allgemeines zur Datenverarbeitung.&nbsp;<\/strong><\/li>\n<li><strong> Umfang der Verarbeitung personenbezogener Daten<\/strong><\/li>\n<\/ol>\n<p>Wir verarbeiten personenbezogene Daten unserer Nutzer grunds\u00e4tzlich nur, soweit dies zur Bereitstellung einer funktionsf\u00e4higen Website sowie unserer Inhalte und Leistungen erforderlich ist. Die Verarbeitung personenbezogener Daten unserer Nutzer erfolgt regelm\u00e4\u00dfig nur nach Einwilligung des Nutzers. Eine Ausnahme gilt in solchen F\u00e4llen, in denen eine vorherige Einholung einer Einwilligung aus tats\u00e4chlichen Gr\u00fcnden nicht m\u00f6glich ist und die Verarbeitung der Daten durch gesetzliche Vorschriften gestattet ist.<\/p>\n<ol start=\"2\">\n<li><strong> Rechtsgrundlage f\u00fcr die Verarbeitung personenbezogener Daten<\/strong><\/li>\n<\/ol>\n<p>Soweit wir f\u00fcr Verarbeitungsvorg\u00e4nge personenbezogener Daten eine Einwilligung der betroffenen Person einholen, dient Art. 6 Abs. 1 lit. a EU-Datenschutzgrundverordnung (DSGVO) als Rechtsgrundlage.<\/p>\n<p>Bei der Verarbeitung von personenbezogenen Daten, die zur Erf\u00fcllung eines Vertrages, dessen Vertragspartei die betroffene Person ist, erforderlich ist, dient Art. 6 Abs. 1 lit. b DSGVO als Rechtsgrundlage. Dies gilt auch f\u00fcr Verarbeitungsvorg\u00e4nge, die zur Durchf\u00fchrung vorvertraglicher Ma\u00dfnahmen erforderlich sind.<\/p>\n<p>Soweit eine Verarbeitung personenbezogener Daten zur Erf\u00fcllung einer rechtlichen Verpflichtung erforderlich ist, der unser Unternehmen unterliegt, dient Art. 6 Abs. 1 lit. c DSGVO als Rechtsgrundlage.<\/p>\n<p>F\u00fcr den Fall, dass lebenswichtige Interessen der betroffenen Person oder einer anderen nat\u00fcrlichen Person eine Verarbeitung personenbezogener Daten erforderlich machen, dient Art. 6 Abs. 1 lit. d DSGVO als Rechtsgrundlage.<\/p>\n<p>Ist die Verarbeitung zur Wahrung eines berechtigten Interesses unseres Unternehmens oder eines Dritten erforderlich und \u00fcberwiegen die Interessen, Grundrechte und Grundfreiheiten des Betroffenen das erstgenannte Interesse nicht, so dient Art. 6 Abs. 1 lit. f DSGVO als Rechtsgrundlage f\u00fcr die Verarbeitung.<\/p>\n<ol start=\"3\">\n<li><strong> Datenl\u00f6schung und Speicherdauer<\/strong><\/li>\n<\/ol>\n<p>Die personenbezogenen Daten der betroffenen Person werden gel\u00f6scht oder gesperrt, sobald der Zweck der Speicherung entf\u00e4llt. Eine Speicherung kann dar\u00fcber hinaus erfolgen, wenn dies durch den europ\u00e4ischen oder nationalen Gesetzgeber in unionsrechtlichen Verordnungen, Gesetzen oder sonstigen Vorschriften, denen der Verantwortliche unterliegt, vorgesehen wurde. Eine Sperrung oder L\u00f6schung der Daten erfolgt auch dann, wenn eine durch die genannten Normen vorgeschriebene Speicherfrist abl\u00e4uft, es sei denn, dass eine Erforderlichkeit zur weiteren Speicherung der Daten f\u00fcr einen Vertragsabschluss oder eine Vertragserf\u00fcllung besteht.<\/p>\n<p><strong>III.&nbsp;&nbsp;&nbsp;&nbsp;&nbsp;&nbsp;&nbsp; Bereitstellung der Website und Erstellung von Logfiles<\/strong><\/p>\n<ol>\n<li><strong> Beschreibung und Umfang der Datenverarbeitung<\/strong><\/li>\n<\/ol>\n<p>Bei jedem Aufruf unserer Internetseite erfasst unser System automatisiert Daten und Informationen vom Computersystem des aufrufenden Rechners.<\/p>\n<p>Folgende Daten werden hierbei erhoben:<\/p>\n<ul>\n<li>Domain zu der die Log-Daten gespeichert werden<\/li>\n<li>IP-Adresse (f\u00fcr 7 Tage und danach in anonymisierter Form)<\/li>\n<li>Timestamp (=Tag und Uhrzeit des Webseitenaufrufs)<\/li>\n<li>Request-Zeile (=Pfad der Ziel-Adresse ohne die Domain)<\/li>\n<li>Statuscodes<\/li>\n<li>Gr\u00f6\u00dfe des Response Bodies (= Gr\u00f6\u00dfe tempor\u00e4r heruntergeladener Daten des Besuchers)<\/li>\n<li>Referer (=Informationen von welcher Seiter der Webseitenbesucher kommt)<\/li>\n<li>User Agent (Angaben zu Browsertyp, Browserversion, verwendetes Betriebssystem, Ger\u00e4tetyp etc.)<\/li>\n<\/ul>\n<p>Laut Angaben unseres Webseitenbetreibers advokatix GmbH werden keine Tracking-Mechanismen eingebaut und keine Webanalysedienste eingesetzt<\/p>\n<ol start=\"2\">\n<li><strong> Rechtsgrundlage f\u00fcr die Datenverarbeitung <\/strong><\/li>\n<\/ol>\n<p>Rechtsgrundlage f\u00fcr die vor\u00fcbergehende Speicherung der Daten und der Logfiles ist Art. 6 Abs. 1 lit. f DSGVO.<\/p>\n<ol start=\"3\">\n<li><strong> Zweck der Datenverarbeitung<\/strong><\/li>\n<\/ol>\n<p>Die vor\u00fcbergehende Speicherung der IP-Adresse durch das System ist notwendig, um eine Auslieferung der Website an den Rechner des Nutzers zu erm\u00f6glichen. Hierf\u00fcr muss die IP-Adresse des Nutzers f\u00fcr die Dauer der Sitzung gespeichert bleiben.<\/p>\n<p>Die Speicherung in Logfiles erfolgt, um die Funktionsf\u00e4higkeit der Website sicherzustellen. Zudem dienen uns die Daten zur Optimierung der Website und zur Sicherstellung der Sicherheit unserer informationstechnischen Systeme. Eine Auswertung der Daten zu Marketingzwecken findet in diesem Zusammenhang nicht statt.<\/p>\n<p>In diesen Zwecken liegt auch unser berechtigtes Interesse an der Datenverarbeitung nach Art. 6 Abs. 1 lit. f DSGVO.<\/p>\n<ol start=\"4\">\n<li><strong> Dauer der Speicherung<\/strong><\/li>\n<\/ol>\n<p>Die Daten werden gel\u00f6scht, sobald sie f\u00fcr die Erreichung des Zweckes ihrer Erhebung nicht mehr erforderlich sind. Im Falle der Erfassung der Daten zur Bereitstellung der Website ist dies der Fall, wenn die jeweilige Sitzung beendet ist.<\/p>\n<p>Im Falle der Speicherung der Daten in Logfiles ist dies nach sp\u00e4testens 6 Monaten der Fall. Die IP-Adressen der Nutzer werden nach 7 Tagen automatisch anonymisiert.<\/p>\n<ol start=\"5\">\n<li><strong> Widerspruchs- und Beseitigungsm\u00f6glichkeit<\/strong><\/li>\n<\/ol>\n<p>Die Erfassung der Daten zur Bereitstellung der Website und die Speicherung der Daten in Logfiles ist f\u00fcr den Betrieb der Internetseite zwingend erforderlich. Es besteht folglich seitens des Nutzers keine Widerspruchsm\u00f6glichkeit.<\/p>\n<ol>\n<li><strong> Verwendung von Cookies<\/strong><\/li>\n<li>Diese Website nutzt verschiedene Arten von Cookies, deren Umfang und Funktionsweise im Folgenden erl\u00e4utert werden:<\/li>\n<\/ol>\n<ul>\n<li>Transiente Cookies (dazu 1.)<\/li>\n<li>Persistente Cookies (dazu 2.)<\/li>\n<\/ul>\n<ol>\n<li>Transiente Cookies werden automatisiert gel\u00f6scht, wenn Sie den Browser schlie\u00dfen. Dazu z\u00e4hlen insbesondere die Session-Cookies. Diese speichern eine sogenannte Session-ID, mit welcher sich verschiedene Anfragen Ihres Browsers der gemeinsamen Sitzung zuordnen lassen. Dadurch kann Ihr Rechner wiedererkannt werden, wenn Sie auf unsere Website zur\u00fcckkehren. Die Session-Cookies werden gel\u00f6scht, wenn Sie sich ausloggen oder den Browser schlie\u00dfen.<\/li>\n<\/ol>\n<ol start=\"2\">\n<li>Persistente Cookies werden automatisiert nach einer vorgegebenen Dauer gel\u00f6scht, die sich je nach Cookie unterscheiden kann. Sie k\u00f6nnen die Cookies in den Sicherheitseinstellungen Ihres Browsers jederzeit l\u00f6schen.<\/li>\n<\/ol>\n<ol>\n<li>Wir setzen Cookies ein, um Sie f\u00fcr Folgebesuche identifizieren zu k\u00f6nnen, falls Sie \u00fcber einen Account bei uns verf\u00fcgen. Andernfalls m\u00fcssten Sie sich f\u00fcr jeden Besuch erneut einloggen.<\/li>\n<\/ol>\n<ol>\n<li>Sie k\u00f6nnen i.d.R. Ihre Browser-Einstellung entsprechend Ihren W\u00fcnschen konfigurieren und z.\u2009 die Annahme von Third-Party-Cookies oder allen Cookies ablehnen.<\/li>\n<\/ol>\n<ol>\n<li>G\u00e4ngige Browser bieten die Einstellungsoption, Cookies nicht zuzulassen.<\/li>\n<\/ol>\n<ol>\n<li>Liste der derzeit verwendeten Cookies:<\/li>\n<\/ol>\n<ul>\n<li>Notwendige Cookies<\/li>\n<\/ul>\n<table>\n<tbody>\n<tr>\n<td>\n<p><strong>Name<\/strong><\/p>\n<\/td>\n<td>\n<p><strong>Anbieter<\/strong><\/p>\n<\/td>\n<td>\n<p><strong>Zweck<\/strong><\/p>\n<\/td>\n<td>\n<p><strong>Ablauf<\/strong><\/p>\n<\/td>\n<td>\n<p><strong>Typ<\/strong><\/p>\n<\/td>\n<\/tr>\n<tr>\n<td>\n<p><strong>__cfduid<\/strong><\/p>\n<\/td>\n<td>\n<p>.jotform.com<\/p>\n<\/td>\n<td>\n<p>CDN Path zum laden des Formulares<\/p>\n<\/td>\n<td>\n<p>30 Tage<\/p>\n<\/td>\n<td>\n<p>HTTP<\/p>\n<\/td>\n<\/tr>\n<tr>\n<td>\n<p><strong>dein-freispruch.de<\/strong><\/p>\n<\/td>\n<td>\n<p>dein-freispruch.de<\/p>\n<\/td>\n<td>\n<p>Beh\u00e4lt die Zust\u00e4nde des Benutzers bei allen Seitenanfragen bei.<\/p>\n<\/td>\n<td>\n<p>Session<\/p>\n<\/td>\n<td>\n<p>HTTP<\/p>\n<\/td>\n<\/tr>\n<\/tbody>\n<\/table>\n<ul>\n<li>Marketing Cookies<\/li>\n<\/ul>\n<table>\n<tbody>\n<tr>\n<td>\n<p><strong>Name<\/strong><\/p>\n<\/td>\n<td>\n<p><strong>Anbieter<\/strong><\/p>\n<\/td>\n<td>\n<p><strong>Zweck<\/strong><\/p>\n<\/td>\n<td>\n<p><strong>Ablauf<\/strong><\/p>\n<\/td>\n<td>\n<p><strong>Typ<\/strong><\/p>\n<\/td>\n<\/tr>\n<tr>\n<td>\n<p><strong>IDE<\/strong><\/p>\n<\/td>\n<td>\n<p>doubleclick.net<\/p>\n<\/td>\n<td>\n<p><strong>&nbsp;<\/strong>Dieser Enth\u00e4lt eine zufallsgenerierte User-ID. Anhand dieser ID kann Google den User \u00fcber verschiedene Websites domain\u00fcbergreifend wiedererkennen und personalisierte Werbung ausspielen.<\/p>\n<\/td>\n<td>\n<p>365 Tage<\/p>\n<\/td>\n<td>\n<p>HTML<\/p>\n<\/td>\n<\/tr>\n<tr>\n<td>\n<p><strong>_ga<\/strong><\/p>\n<p><strong>_ga_E6K7HR0M5H<\/strong><\/p>\n<\/td>\n<td>\n<p>dein-freispruch.de<\/p>\n<\/td>\n<td>\n<p>Enth\u00e4lt eine zufallsgenerierte User-ID. Anhand dieser ID kann Google Analytics wiederkehrende User auf dieser Website wiedererkennen und die Daten von fr\u00fcheren Besuchen zusammenf\u00fchren.<\/p>\n<\/td>\n<td>\n<p>730 Tage<\/p>\n<\/td>\n<td>\n<p>HTML<\/p>\n<\/td>\n<\/tr>\n<\/tbody>\n<\/table>\n<p><strong>HINWEIS:<\/strong>&nbsp;&nbsp;&nbsp;&nbsp;&nbsp;&nbsp;&nbsp;&nbsp;&nbsp;&nbsp; Sie k\u00f6nnen eventuell nicht alle Funktionen dieser Website nutzen, sofern Sie den Einsatz von Cookies ganz ablehnen oder einschr\u00e4nken.<\/p>\n<ol>\n<li><strong> Weitergabe an Dritte<\/strong><\/li>\n<li><strong> Angebotsbeschreibungen<\/strong><\/li>\n<\/ol>\n<p>Weiterhin k\u00f6nnen wir Ihre personenbezogenen Daten an Dritte weitergeben, wenn Aktionsteilnahmen, Gewinnspiele, Vertragsabschl\u00fcsse oder \u00e4hnliche Leistungen von uns gemeinsam mit Partnern angeboten werden. N\u00e4here Informationen hierzu erhalten Sie in der jeweiligen Beschreibung des jeweiligen Angebotes oder \u00fcber den Kooperationspartner.<\/p>\n<ol start=\"2\">\n<li><strong> Sitz au\u00dferhalb der EU<\/strong><\/li>\n<\/ol>\n<p>Soweit unsere Dienstleister oder Partner ihren Sitz in einem Staat au\u00dferhalb des Europ\u00e4ischen Wirtschaftsraumen (EWR) haben, informieren wir Sie \u00fcber die Folgen dieses Umstands in der Beschreibung des Angebotes.<\/p>\n<ol start=\"3\">\n<li><strong> Liste derzeitiger Kooperationspartner und URL mit deren Datenschutzhinweisen<\/strong><\/li>\n<\/ol>\n<p>3.1<\/p>\n<p>DEBEO<\/p>\n<p>Kaiserswerther Str. 142<\/p>\n<p>40474 D\u00fcsseldorf<\/p>\n<p>Datenschutzhinweise: <a href=\"https:\/\/debeo.de\/datenschutz\/\">https:\/\/debeo.de\/datenschutz\/<\/a><\/p>\n<p>advokatiX GmbH<\/p>\n<p>Kaiserswerther Stra\u00dfe 142<\/p>\n<p>40474<\/p>\n<p>D\u00fcsseldorf<br>Datenschutzhinweise: <a href=\"https:\/\/advokatix.de\/datenschutz\/\">https:\/\/advokatix.de\/datenschutz\/<\/a><\/p>\n<p>Schumacher &amp; Partner D\u00fcsseldorf PartG mbB<\/p>\n<p>Speditionstra\u00dfe 15<\/p>\n<p>40221 D\u00fcsseldorf<\/p>\n<p>Datenschutzhinweise: <a href=\"https:\/\/schumacherundpartner.de\/datenschutz\/\">https:\/\/schumacherundpartner.de\/datenschutz\/<\/a><\/p>\n<p>Maxcircle GmbH<\/p>\n<p>Kaiserswerther Stra\u00dfe 142<\/p>\n<p>40474 D\u00fcsseldorf<\/p>\n<p>Datenschutzhinweise: <a href=\"https:\/\/maxcircle.de\/datenschutz\/\">https:\/\/maxcircle.de\/datenschutz\/<\/a><\/p>\n<p>Sportsbar Sport und Event-Management UG<\/p>\n<p>Kaiserswerther Str. 142<\/p>\n<p>40474 D\u00fcsseldorf<\/p>\n<p>Datenschutzhinweise: https:\/\/sportseven.de\/datenschutz\/<\/p>\n<p>3.2&nbsp;&nbsp;&nbsp;&nbsp;&nbsp;&nbsp; Derzeit keine weiteren Kooperationspartner<\/p>\n<ol>\n<li><strong> Kontaktformular und E-Mail-Kontakt<\/strong><\/li>\n<li><strong> Beschreibung und Umfang der Datenverarbeitung<\/strong><\/li>\n<li>a) Auf unserer Internetseite ist ein Kontaktformular vorhanden, welches f\u00fcr die elektronische Kontaktaufnahme genutzt werden kann. Nimmt ein Nutzer diese M\u00f6glichkeit wahr, so werden die in der Eingabemaske eingegeben Daten an uns \u00fcbermittelt und gespeichert. Diese Daten sind:<\/li>\n<\/ol>\n<ul>\n<li>Vorname<\/li>\n<li>Nachname<\/li>\n<li>Telefonnummer<\/li>\n<li>E-Mailadresse<\/li>\n<li>Interessiert an<\/li>\n<li>Beauftragung eines Anwaltes oder nicht<\/li>\n<li>Besitz einer Rechtsschutzversicherung<\/li>\n<li>Beschreibung des Anliegens<\/li>\n<li>Erhalt oder Nichterhalt eines Briefes\/ Ladung oder einer Feststellung<\/li>\n<li>Upload der aus Nr. 10 genannten Dokumente<\/li>\n<\/ul>\n<p>Im Zeitpunkt der Absendung der Nachricht werden zudem folgende Daten gespeichert:<\/p>\n<p>Auflistung der entsprechenden Daten wie z.B.:<\/p>\n<p>(1)&nbsp;&nbsp;&nbsp;&nbsp;&nbsp;&nbsp;&nbsp; Die IP-Adresse des Nutzers<\/p>\n<p>(2)&nbsp;&nbsp;&nbsp;&nbsp;&nbsp;&nbsp;&nbsp; Datum und Uhrzeit der Registrierung<\/p>\n<p>F\u00fcr die Verarbeitung der Daten wird im Rahmen des Absendevorgangs Ihre Einwilligung eingeholt und auf diese Datenschutzinformationen verwiesen.<\/p>\n<ol>\n<li>b) Alternativ ist zudem eine Kontaktaufnahme \u00fcber die bereitgestellte E-Mail-Adresse m\u00f6glich. In diesem Fall werden die mit der E-Mail \u00fcbermittelten personenbezogenen Daten des Nutzers gespeichert.<\/li>\n<\/ol>\n<p>Es erfolgt in diesem Zusammenhang keine Weitergabe der Daten an Dritte. Die Daten werden ausschlie\u00dflich f\u00fcr die Verarbeitung der Konversation verwendet.<\/p>\n<ol start=\"2\">\n<li><strong> Rechtsgrundlage f\u00fcr die Datenverarbeitung <\/strong><\/li>\n<\/ol>\n<p>Rechtsgrundlage f\u00fcr die Verarbeitung der Daten ist bei Vorliegen einer Einwilligung des Nutzers Art. 6 Abs. 1 lit. a DSGVO.<\/p>\n<p>Rechtsgrundlage f\u00fcr die Verarbeitung der Daten aus dem Kontaktformular ist Art. 6 Abs. 1 lit. b) DSGVO.<\/p>\n<p>Rechtsgrundlage f\u00fcr die Verarbeitung der Daten, die im Zuge einer \u00dcbersendung einer E-Mail \u00fcbermittelt werden, ist Art. 6 Abs. 1 lit. f DSGVO. Zielt der E-Mail-Kontakt auf den Abschluss eines Vertrages ab, so ist zus\u00e4tzliche Rechtsgrundlage f\u00fcr die Verarbeitung Art. 6 Abs. 1 lit. b DSGVO.<\/p>\n<ol start=\"3\">\n<li><strong> Zweck der Datenverarbeitung<\/strong><\/li>\n<\/ol>\n<p>Die Verarbeitung der personenbezogenen Daten aus der Eingabemaske des Kontaktformulars dient uns allein zur Bearbeitung der Kontaktaufnahme. Im Falle einer Kontaktaufnahme per E-Mail liegt hieran auch das erforderliche berechtigte Interesse an der Verarbeitung der Daten.<\/p>\n<p>Die sonstigen w\u00e4hrend des Absendevorgangs verarbeiteten personenbezogenen Daten dienen dazu, einen Missbrauch des Kontaktformulars zu verhindern und die Sicherheit unserer informationstechnischen Systeme sicherzustellen.<\/p>\n<p>Die Verarbeitung der personenbezogenen Daten aus dem Kontaktformular dient uns allein zur Vertragserf\u00fcllung eines Vertrages, dessen Vertragspartei die betroffene Person ist sowie zur Durchf\u00fchrung vorvertraglicher Ma\u00dfnahmen, die auf Anfrage der betroffenen Person erfolgen. Gleiches gilt in dem Fall, dass eine Kontaktaufnahme per E-Mail auf den Abschluss eines Vertrags abzielt.<\/p>\n<ol start=\"4\">\n<li><strong> Dauer der Speicherung<\/strong><\/li>\n<\/ol>\n<p>Die Daten werden gel\u00f6scht, sobald sie f\u00fcr die Erreichung des Zweckes ihrer Erhebung nicht mehr erforderlich sind. F\u00fcr die personenbezogenen Daten aus der Eingabemaske des Kontaktformulars und diejenigen, die per E-Mail \u00fcbersandt wurden, ist dies dann der Fall, wenn die jeweilige Konversation mit dem Nutzer beendet ist. Beendet ist die Konversation dann, wenn sich aus den Umst\u00e4nden entnehmen l\u00e4sst, dass der betroffene Sachverhalt abschlie\u00dfend gekl\u00e4rt ist.<\/p>\n<p>Die w\u00e4hrend des Absendevorgangs zus\u00e4tzlich erhobenen personenbezogenen Daten werden sp\u00e4testens nach einer Frist von sieben Tagen gel\u00f6scht.<\/p>\n<ol start=\"5\">\n<li><strong> Widerspruchs- und Beseitigungsm\u00f6glichkeit<\/strong><\/li>\n<\/ol>\n<p>Der Nutzer hat jederzeit die M\u00f6glichkeit, seine Einwilligung zur Verarbeitung der personenbezogenen Daten zu widerrufen. Nimmt der Nutzer per E-Mail-Kontakt mit uns auf, so kann er der Speicherung seiner personenbezogenen Daten jederzeit widersprechen. In einem solchen Fall kann die Konversation nicht fortgef\u00fchrt werden.<\/p>\n<p>Zur Aus\u00fcbung Ihres Rechts Ihre erteilte Einwilligung zu widerrufen gen\u00fcgt eine einfache Mail an: <a href=\"mailto:datenschutz@dein-freispruch.de\">datenschutz@dein-freispruch.de<\/a><\/p>\n<p>Alle personenbezogenen Daten, die im Zuge der Kontaktaufnahme gespeichert wurden, werden in diesem Fall gel\u00f6scht.<\/p>\n<p><strong>VII.&nbsp;&nbsp;&nbsp;&nbsp;&nbsp;&nbsp; Rechte der betroffenen Person<\/strong><\/p>\n<p>Werden personenbezogene Daten von Ihnen verarbeitet, sind Sie Betroffener i.S.d. DSGVO und es stehen Ihnen folgende Rechte gegen\u00fcber dem Verantwortlichen zu:<\/p>\n<ol>\n<li><strong> Auskunftsrecht<\/strong><\/li>\n<\/ol>\n<p>Sie k\u00f6nnen von dem Verantwortlichen eine Best\u00e4tigung dar\u00fcber verlangen, ob personenbezogene Daten, die Sie betreffen, von uns verarbeitet werden.<\/p>\n<p>Liegt eine solche Verarbeitung vor, k\u00f6nnen Sie von dem Verantwortlichen \u00fcber folgende Informationen Auskunft verlangen:<\/p>\n<p>(1)&nbsp;&nbsp;&nbsp;&nbsp;&nbsp;&nbsp;&nbsp; die Zwecke, zu denen die personenbezogenen Daten verarbeitet werden;<\/p>\n<p>(2)&nbsp;&nbsp;&nbsp;&nbsp;&nbsp;&nbsp;&nbsp; die Kategorien von personenbezogenen Daten, welche verarbeitet werden;<\/p>\n<p>(3)&nbsp;&nbsp;&nbsp;&nbsp;&nbsp;&nbsp;&nbsp; die Empf\u00e4nger bzw. die Kategorien von Empf\u00e4ngern, gegen\u00fcber denen die Sie betreffenden personenbezogenen Daten offengelegt wurden oder noch offengelegt werden;<\/p>\n<p>(4)&nbsp;&nbsp;&nbsp;&nbsp;&nbsp;&nbsp;&nbsp; die geplante Dauer der Speicherung der Sie betreffenden personenbezogenen Daten oder, falls konkrete Angaben hierzu nicht m\u00f6glich sind, Kriterien f\u00fcr die Festlegung der Speicherdauer;<\/p>\n<p>(5)&nbsp;&nbsp;&nbsp;&nbsp;&nbsp;&nbsp;&nbsp; das Bestehen eines Rechts auf Berichtigung oder L\u00f6schung der Sie betreffenden personenbezogenen Daten, eines Rechts auf Einschr\u00e4nkung der Verarbeitung durch den Verantwortlichen oder eines Widerspruchsrechts gegen diese Verarbeitung;<\/p>\n<p>(6)&nbsp;&nbsp;&nbsp;&nbsp;&nbsp;&nbsp;&nbsp; das Bestehen eines Beschwerderechts bei einer Aufsichtsbeh\u00f6rde;<\/p>\n<p>(7)&nbsp;&nbsp;&nbsp;&nbsp;&nbsp;&nbsp;&nbsp; alle verf\u00fcgbaren Informationen \u00fcber die Herkunft der Daten, wenn die personenbezogenen Daten nicht bei der betroffenen Person erhoben werden;<\/p>\n<p>(8)&nbsp;&nbsp;&nbsp;&nbsp;&nbsp;&nbsp;&nbsp; das Bestehen einer automatisierten Entscheidungsfindung einschlie\u00dflich Profiling gem\u00e4\u00df Art. 22 Abs. 1 und 4 DSGVO und \u2013 zumindest in diesen F\u00e4llen \u2013 aussagekr\u00e4ftige Informationen \u00fcber die involvierte Logik sowie die Tragweite und die angestrebten Auswirkungen einer derartigen Verarbeitung f\u00fcr die betroffene Person.<\/p>\n<p>Ihnen steht das Recht zu, Auskunft dar\u00fcber zu verlangen, ob die Sie betreffenden personenbezogenen Daten in ein Drittland oder an eine internationale Organisation \u00fcbermittelt werden. In diesem Zusammenhang k\u00f6nnen Sie verlangen, \u00fcber die geeigneten Garantien gem. Art. 46 DSGVO im Zusammenhang mit der \u00dcbermittlung unterrichtet zu werden.<\/p>\n<ol start=\"2\">\n<li><strong> Recht auf Berichtigung <\/strong><\/li>\n<\/ol>\n<p>Sie haben ein Recht auf Berichtigung und\/oder Vervollst\u00e4ndigung gegen\u00fcber dem Verantwortlichen, sofern die verarbeiteten personenbezogenen Daten, die Sie betreffen, unrichtig oder unvollst\u00e4ndig sind. Der Verantwortliche hat die Berichtigung unverz\u00fcglich vorzunehmen.<\/p>\n<ol start=\"3\">\n<li><strong> Recht auf Einschr\u00e4nkung der Verarbeitung<\/strong><\/li>\n<\/ol>\n<div><b>&nbsp;<\/b><\/div>\n<p>&nbsp; &nbsp; &nbsp; &nbsp; &nbsp; &nbsp; (<strong style=\"font-family: -apple-system, BlinkMacSystemFont, 'Segoe UI', system-ui, 'Apple Color Emoji', 'Segoe UI Emoji', 'Segoe UI Web', sans-serif; font-size: 14px; white-space: pre-wrap; color: var( --e-global-color-secondary );\">Derzeit keine Kooperationspartner<\/strong><span style=\"white-space: pre-wrap; color: var( --e-global-color-secondary );\">)<\/span><\/p>\n<p><span style=\"white-space: pre-wrap; color: var( --e-global-color-secondary );\">&nbsp;<\/span><\/p>\n<ol start=\"4\">\n<li><strong> Recht auf L\u00f6schung<\/strong><\/li>\n<li><strong>a) L\u00f6schungspflicht<\/strong><\/li>\n<\/ol>\n<p>Sie k\u00f6nnen von dem Verantwortlichen verlangen, dass die Sie betreffenden personenbezogenen Daten unverz\u00fcglich gel\u00f6scht werden, und der Verantwortliche ist verpflichtet, diese Daten unverz\u00fcglich zu l\u00f6schen, sofern einer der folgenden Gr\u00fcnde zutrifft:<\/p>\n<p>(1)&nbsp;&nbsp;&nbsp;&nbsp;&nbsp;&nbsp;&nbsp; Die Sie betreffenden personenbezogenen Daten sind f\u00fcr die Zwecke, f\u00fcr die sie erhoben oder auf sonstige Weise verarbeitet wurden, nicht mehr notwendig.<\/p>\n<p>(2)&nbsp;&nbsp;&nbsp;&nbsp;&nbsp;&nbsp;&nbsp; Sie widerrufen Ihre Einwilligung, auf die sich die Verarbeitung gem. Art. 6 Abs. 1 lit. a oder Art. 9 Abs. 2 lit. a DSGVO st\u00fctzte, und es fehlt an einer anderweitigen Rechtsgrundlage f\u00fcr die Verarbeitung.<\/p>\n<p>(3)&nbsp;&nbsp;&nbsp;&nbsp;&nbsp;&nbsp;&nbsp; Sie legen gem. Art. 21 Abs. 1 DSGVO Widerspruch gegen die Verarbeitung ein und es liegen keine vorrangigen berechtigten Gr\u00fcnde f\u00fcr die Verarbeitung vor, oder Sie legen gem. Art. 21 Abs. 2 DSGVO Widerspruch gegen die Verarbeitung ein.<\/p>\n<p>(4)&nbsp;&nbsp;&nbsp;&nbsp;&nbsp;&nbsp;&nbsp; Die Sie betreffenden personenbezogenen Daten wurden unrechtm\u00e4\u00dfig verarbeitet.<\/p>\n<p>(5)&nbsp;&nbsp;&nbsp;&nbsp;&nbsp;&nbsp;&nbsp; Die L\u00f6schung der Sie betreffenden personenbezogenen Daten ist zur Erf\u00fcllung einer rechtlichen Verpflichtung nach dem Unionsrecht oder dem Recht der Mitgliedstaaten erforderlich, dem der Verantwortliche unterliegt.<\/p>\n<p>(6)&nbsp;&nbsp;&nbsp;&nbsp;&nbsp;&nbsp;&nbsp; Die Sie betreffenden personenbezogenen Daten wurden in Bezug auf angebotene Dienste der Informationsgesellschaft gem\u00e4\u00df Art. 8 Abs. 1 DSGVO erhoben.<\/p>\n<ol>\n<li><strong>b) Information an Dritte<\/strong><\/li>\n<\/ol>\n<p>Hat der Verantwortliche die Sie betreffenden personenbezogenen Daten \u00f6ffentlich gemacht und ist er gem. Art. 17 Abs. 1 DSGVO zu deren L\u00f6schung verpflichtet, so trifft er unter Ber\u00fccksichtigung der verf\u00fcgbaren Technologie und der Implementierungskosten angemessene Ma\u00dfnahmen, auch technischer Art, um f\u00fcr die Datenverarbeitung Verantwortliche, die die personenbezogenen Daten verarbeiten, dar\u00fcber zu informieren, dass Sie als betroffene Person von ihnen die L\u00f6schung aller Links zu diesen personenbezogenen Daten oder von Kopien oder Replikationen dieser personenbezogenen Daten verlangt haben.<\/p>\n<ol>\n<li><strong>c) Ausnahmen<\/strong><\/li>\n<\/ol>\n<p>Das Recht auf L\u00f6schung besteht nicht, soweit die Verarbeitung erforderlich ist<\/p>\n<p>(1)&nbsp;&nbsp;&nbsp;&nbsp;&nbsp;&nbsp;&nbsp; zur Aus\u00fcbung des Rechts auf freie Meinungs\u00e4u\u00dferung und Information;<\/p>\n<p>(2)&nbsp;&nbsp;&nbsp;&nbsp;&nbsp;&nbsp;&nbsp; zur Erf\u00fcllung einer rechtlichen Verpflichtung, die die Verarbeitung nach dem Recht der Union oder der Mitgliedstaaten, dem der Verantwortliche unterliegt, erfordert, oder zur Wahrnehmung einer Aufgabe, die im \u00f6ffentlichen Interesse liegt oder in Aus\u00fcbung \u00f6ffentlicher Gewalt erfolgt, die dem Verantwortlichen \u00fcbertragen wurde;<\/p>\n<p>(3)&nbsp;&nbsp;&nbsp;&nbsp;&nbsp;&nbsp;&nbsp; aus Gr\u00fcnden des \u00f6ffentlichen Interesses im Bereich der \u00f6ffentlichen Gesundheit gem\u00e4\u00df Art. 9 Abs. 2 lit. h und i sowie Art. 9 Abs. 3 DSGVO;<\/p>\n<p>(4)&nbsp;&nbsp;&nbsp;&nbsp;&nbsp;&nbsp;&nbsp; f\u00fcr im \u00f6ffentlichen Interesse liegende Archivzwecke, wissenschaftliche oder historische Forschungszwecke oder f\u00fcr statistische Zwecke gem. Art. 89 Abs. 1 DSGVO, soweit das unter Abschnitt a) genannte Recht voraussichtlich die Verwirklichung der Ziele dieser Verarbeitung unm\u00f6glich macht oder ernsthaft beeintr\u00e4chtigt, oder<\/p>\n<p>(5)&nbsp;&nbsp;&nbsp;&nbsp;&nbsp;&nbsp;&nbsp; zur Geltendmachung, Aus\u00fcbung oder Verteidigung von Rechtsanspr\u00fcchen.<\/p>\n<ol start=\"5\">\n<li><strong> Recht auf Unterrichtung<\/strong><\/li>\n<\/ol>\n<p>Haben Sie das Recht auf Berichtigung, L\u00f6schung oder Einschr\u00e4nkung der Verarbeitung gegen\u00fcber dem Verantwortlichen geltend gemacht, ist dieser verpflichtet, allen Empf\u00e4ngern, denen die Sie betreffenden personenbezogenen Daten offengelegt wurden, diese Berichtigung oder L\u00f6schung der Daten oder Einschr\u00e4nkung der Verarbeitung mitzuteilen, es sei denn, dies erweist sich als unm\u00f6glich oder ist mit einem unverh\u00e4ltnism\u00e4\u00dfigen Aufwand verbunden.<\/p>\n<p>Ihnen steht gegen\u00fcber dem Verantwortlichen das Recht zu, \u00fcber diese Empf\u00e4nger unterrichtet zu werden.<\/p>\n<ol start=\"6\">\n<li><strong> Recht auf Daten\u00fcbertragbarkeit<\/strong><\/li>\n<\/ol>\n<p>Sie haben das Recht, die Sie betreffenden personenbezogenen Daten, die Sie dem Verantwortlichen bereitgestellt haben, in einem strukturierten, g\u00e4ngigen und maschinenlesbaren Format zu erhalten. Au\u00dferdem haben Sie das Recht diese Daten einem anderen Verantwortlichen ohne Behinderung durch den Verantwortlichen, dem die personenbezogenen Daten bereitgestellt wurden, zu \u00fcbermitteln, sofern<\/p>\n<p>(1)&nbsp;&nbsp;&nbsp;&nbsp;&nbsp;&nbsp;&nbsp; die Verarbeitung auf einer Einwilligung gem. Art. 6 Abs. 1 lit. a DSGVO oder Art. 9 Abs. 2 lit. a DSGVO oder auf einem Vertrag gem. Art. 6 Abs. 1 lit. b DSGVO beruht und<\/p>\n<p>(2)&nbsp;&nbsp;&nbsp;&nbsp;&nbsp;&nbsp;&nbsp; die Verarbeitung mithilfe automatisierter Verfahren erfolgt.<\/p>\n<p>In Aus\u00fcbung dieses Rechts haben Sie ferner das Recht, zu erwirken, dass die Sie betreffenden personenbezogenen Daten direkt von einem Verantwortlichen einem anderen Verantwortlichen \u00fcbermittelt werden, soweit dies technisch machbar ist. Freiheiten und Rechte anderer Personen d\u00fcrfen hierdurch nicht beeintr\u00e4chtigt werden.<\/p>\n<p>Das Recht auf Daten\u00fcbertragbarkeit gilt nicht f\u00fcr eine Verarbeitung personenbezogener Daten, die f\u00fcr die Wahrnehmung einer Aufgabe erforderlich ist, die im \u00f6ffentlichen Interesse liegt oder in Aus\u00fcbung \u00f6ffentlicher Gewalt erfolgt, die dem Verantwortlichen \u00fcbertragen wurde.<\/p>\n<ol start=\"7\">\n<li><strong> Widerspruchsrecht<\/strong><\/li>\n<\/ol>\n<p>Sie haben das Recht, aus Gr\u00fcnden, die sich aus ihrer besonderen Situation ergeben, jederzeit gegen die Verarbeitung der Sie betreffenden personenbezogenen Daten, die aufgrund von Art. 6 Abs. 1 lit. e oder f DSGVO erfolgt, Widerspruch einzulegen; dies gilt auch f\u00fcr ein auf diese Bestimmungen gest\u00fctztes Profiling.<\/p>\n<p>Der Verantwortliche verarbeitet die Sie betreffenden personenbezogenen Daten nicht mehr, es sei denn, er kann zwingende schutzw\u00fcrdige Gr\u00fcnde f\u00fcr die Verarbeitung nachweisen, die Ihre Interessen, Rechte und Freiheiten \u00fcberwiegen, oder die Verarbeitung dient der Geltendmachung, Aus\u00fcbung oder Verteidigung von Rechtsanspr\u00fcchen.<\/p>\n<p>Werden die Sie betreffenden personenbezogenen Daten verarbeitet, um Direktwerbung zu betreiben, haben Sie das Recht, jederzeit Widerspruch gegen die Verarbeitung der Sie betreffenden personenbezogenen Daten zum Zwecke derartiger Werbung einzulegen; dies gilt auch f\u00fcr das Profiling, soweit es mit solcher Direktwerbung in Verbindung steht.<\/p>\n<p>Widersprechen Sie der Verarbeitung f\u00fcr Zwecke der Direktwerbung, so werden die Sie betreffenden personenbezogenen Daten nicht mehr f\u00fcr diese Zwecke verarbeitet.<\/p>\n<p>Sie haben die M\u00f6glichkeit, im Zusammenhang mit der Nutzung von Diensten der Informationsgesellschaft \u2013 ungeachtet der Richtlinie 2002\/58\/EG \u2013 Ihr Widerspruchsrecht mittels automatisierter Verfahren auszu\u00fcben, bei denen technische Spezifikationen verwendet werden.<\/p>\n<ol start=\"8\">\n<li><strong> Recht auf Widerruf der datenschutzrechtlichen Einwilligungserkl\u00e4rung<\/strong><\/li>\n<\/ol>\n<p>Sie haben das Recht, Ihre datenschutzrechtliche Einwilligungserkl\u00e4rung jederzeit zu widerrufen. Durch den Widerruf der Einwilligung wird die Rechtm\u00e4\u00dfigkeit der aufgrund der Einwilligung bis zum Widerruf erfolgten Verarbeitung nicht ber\u00fchrt.<\/p>\n<ol start=\"9\">\n<li><strong> Recht auf Beschwerde bei einer Aufsichtsbeh\u00f6rde<\/strong><\/li>\n<\/ol>\n<p>Unbeschadet eines anderweitigen verwaltungsrechtlichen oder gerichtlichen Rechtsbehelfs steht Ihnen das Recht auf Beschwerde bei einer Aufsichtsbeh\u00f6rde, insbesondere in dem Mitgliedstaat ihres Aufenthaltsorts, ihres Arbeitsplatzes oder des Orts des mutma\u00dflichen Versto\u00dfes, zu, wenn Sie der Ansicht sind, dass die Verarbeitung der Sie betreffenden personenbezogenen Daten gegen die DSGVO verst\u00f6\u00dft.<\/p>\n<p>Die Aufsichtsbeh\u00f6rde, bei der die Beschwerde eingereicht wurde, unterrichtet den Beschwerdef\u00fchrer \u00fcber den Stand und die Ergebnisse der Beschwerde einschlie\u00dflich der M\u00f6glichkeit eines gerichtlichen Rechtsbehelfs nach Art. 78 DSGVO.<\/p>\n<p><strong>VIII.&nbsp;&nbsp;&nbsp;&nbsp;&nbsp; Aktualit\u00e4t und \u00c4nderung dieser Datenschutzinformationen<\/strong><\/p>\n<p>Diese Datenschutzinformationen sind aktuell g\u00fcltig und haben den Stand November 2020.<\/p>\n<p>Durch die Weiterentwicklung unserer Website und Angebote dar\u00fcber oder aufgrund ge\u00e4nderter gesetzlicher beziehungsweise beh\u00f6rdlicher Vorgaben kann es notwendig werden, diese Datenschutzerkl\u00e4rung zu \u00e4ndern. Die jeweils aktuelle Datenschutzerkl\u00e4rung kann jederzeit auf der Website unter <a href=\"https:\/\/dein-freispruch.de\/datenschutz\/\">https:\/\/dein-freispruch.de\/datenschutz\/<\/a> von Ihnen abgerufen und ausgedruckt werden.<\/p>\t\t\t\t\t\t\t\t<\/div>\n\t\t\t\t<\/div>\n\t\t\t\t\t<\/div>\n\t\t<\/div>\n\t\t\t\t\t<\/div>\n\t\t<\/section>\n\t\t\t\t<\/div>\n\t\t","protected":false},"excerpt":{"rendered":"<p>Datenschutzinformationen Name und Anschrift des Verantwortlichen Der Verantwortliche im Sinne der Datenschutz-Grundverordnung und anderer nationaler Datenschutzgesetze der Mitgliedsstaaten sowie sonstiger datenschutzrechtlicher Bestimmungen ist: Schumacher &amp; Partner D\u00fcsseldorf PartG mbBSpeditionstra\u00dfe 1540221 D\u00fcsseldorf Telefon: +49 (0)211 869 454-0Telefax: +49 (0)211 869 450 89 E-Mail:&nbsp; info@schumacherundpartner.de Web:&nbsp;&nbsp;&nbsp; https:\/\/dein-freispruch.de Allgemeines zur Datenverarbeitung.&nbsp; Umfang der Verarbeitung personenbezogener Daten Wir verarbeiten [&hellip;]<\/p>\n","protected":false},"author":1,"featured_media":0,"parent":0,"menu_order":0,"comment_status":"closed","ping_status":"closed","template":"","meta":{"footnotes":""},"class_list":["post-294","page","type-page","status-publish","hentry"],"_links":{"self":[{"href":"https:\/\/dein-freispruch.de\/index.php?rest_route=\/wp\/v2\/pages\/294","targetHints":{"allow":["GET"]}}],"collection":[{"href":"https:\/\/dein-freispruch.de\/index.php?rest_route=\/wp\/v2\/pages"}],"about":[{"href":"https:\/\/dein-freispruch.de\/index.php?rest_route=\/wp\/v2\/types\/page"}],"author":[{"embeddable":true,"href":"https:\/\/dein-freispruch.de\/index.php?rest_route=\/wp\/v2\/users\/1"}],"replies":[{"embeddable":true,"href":"https:\/\/dein-freispruch.de\/index.php?rest_route=%2Fwp%2Fv2%2Fcomments&post=294"}],"version-history":[{"count":12,"href":"https:\/\/dein-freispruch.de\/index.php?rest_route=\/wp\/v2\/pages\/294\/revisions"}],"predecessor-version":[{"id":1288,"href":"https:\/\/dein-freispruch.de\/index.php?rest_route=\/wp\/v2\/pages\/294\/revisions\/1288"}],"wp:attachment":[{"href":"https:\/\/dein-freispruch.de\/index.php?rest_route=%2Fwp%2Fv2%2Fmedia&parent=294"}],"curies":[{"name":"wp","href":"https:\/\/api.w.org\/{rel}","templated":true}]}}